{"id":12832,"date":"2025-01-09T16:52:25","date_gmt":"2025-01-09T15:52:25","guid":{"rendered":"https:\/\/luciennelaparisienne.fr\/?page_id=12832"},"modified":"2025-01-09T16:52:25","modified_gmt":"2025-01-09T15:52:25","slug":"soldes","status":"publish","type":"page","link":"https:\/\/luciennelaparisienne.fr\/it\/soldes\/","title":{"rendered":"SOLDES"},"content":{"rendered":"<div class=\"wpb-content-wrapper\"><div  class=\"sec_row container\"><div class=\"vc_row wpb_row vc_row-fluid\"><div class=\"wpb_column vc_column_container vc_col-sm-12 et-dark-column\"><div class=\"vc_column-inner\"><div class=\"wpb_wrapper\"> \n\n\t\t\t<ul class=\"et-product et-main-products products row et-product-style3 hover-animation-zoom products-sale-products et-no-variations\">\n\n\t\t\t\t\t\t\t\t\n\t\t\t\t\t\t\t\t\t\t\t\t\t\t\t\t\t\n<li class=\"item et-listing-style3 col-6 col-sm-6 col-md-4 col-lg-3 small_grid_5 product type-product post-17227 status-publish first instock product_cat-fin-de-collection product_cat-pour-nos-teckels product_cat-sacs has-post-thumbnail sale taxable shipping-taxable purchasable product-type-variable woo-variation-gallery-product\">\n\t<div class=\"product-inner animation bottom-to-top\">\n\t\t<figure class=\"product_thumbnail et-image-hover\">  \n\t\t<a href=\"https:\/\/luciennelaparisienne.fr\/it\/prodotto\/housse-ete-pour-sac-en-velours\/\" title=\"Housse pour sac en velours\"><img loading=\"lazy\" decoding=\"async\" width=\"600\" height=\"600\" src=\"https:\/\/luciennelaparisienne.fr\/wp-content\/uploads\/2026\/02\/Emiliya-Sultan-46-600x600.jpg\" class=\"main-image skip-lazy\" alt=\"Housse pour sac en velours\" srcset=\"https:\/\/luciennelaparisienne.fr\/wp-content\/uploads\/2026\/02\/Emiliya-Sultan-46-600x600.jpg 600w, https:\/\/luciennelaparisienne.fr\/wp-content\/uploads\/2026\/02\/Emiliya-Sultan-46-300x300.jpg 300w, https:\/\/luciennelaparisienne.fr\/wp-content\/uploads\/2026\/02\/Emiliya-Sultan-46-150x150.jpg 150w, https:\/\/luciennelaparisienne.fr\/wp-content\/uploads\/2026\/02\/Emiliya-Sultan-46-768x768.jpg 768w, https:\/\/luciennelaparisienne.fr\/wp-content\/uploads\/2026\/02\/Emiliya-Sultan-46-12x12.jpg 12w, https:\/\/luciennelaparisienne.fr\/wp-content\/uploads\/2026\/02\/Emiliya-Sultan-46-900x900.jpg 900w, https:\/\/luciennelaparisienne.fr\/wp-content\/uploads\/2026\/02\/Emiliya-Sultan-46-100x100.jpg 100w, https:\/\/luciennelaparisienne.fr\/wp-content\/uploads\/2026\/02\/Emiliya-Sultan-46-50x50.jpg 50w, https:\/\/luciennelaparisienne.fr\/wp-content\/uploads\/2026\/02\/Emiliya-Sultan-46.jpg 1000w\" sizes=\"auto, (max-width: 600px) 100vw, 600px\" \/><img loading=\"lazy\" decoding=\"async\" width=\"600\" height=\"600\" src=\"https:\/\/luciennelaparisienne.fr\/wp-content\/uploads\/2026\/02\/Emiliya-Sultan-26-600x600.jpg\" class=\"product_thumbnail_hover\" alt=\"\" srcset=\"https:\/\/luciennelaparisienne.fr\/wp-content\/uploads\/2026\/02\/Emiliya-Sultan-26-600x600.jpg 600w, https:\/\/luciennelaparisienne.fr\/wp-content\/uploads\/2026\/02\/Emiliya-Sultan-26-300x300.jpg 300w, https:\/\/luciennelaparisienne.fr\/wp-content\/uploads\/2026\/02\/Emiliya-Sultan-26-150x150.jpg 150w, https:\/\/luciennelaparisienne.fr\/wp-content\/uploads\/2026\/02\/Emiliya-Sultan-26-768x768.jpg 768w, https:\/\/luciennelaparisienne.fr\/wp-content\/uploads\/2026\/02\/Emiliya-Sultan-26-12x12.jpg 12w, https:\/\/luciennelaparisienne.fr\/wp-content\/uploads\/2026\/02\/Emiliya-Sultan-26-900x900.jpg 900w, https:\/\/luciennelaparisienne.fr\/wp-content\/uploads\/2026\/02\/Emiliya-Sultan-26-100x100.jpg 100w, https:\/\/luciennelaparisienne.fr\/wp-content\/uploads\/2026\/02\/Emiliya-Sultan-26-50x50.jpg 50w, https:\/\/luciennelaparisienne.fr\/wp-content\/uploads\/2026\/02\/Emiliya-Sultan-26.jpg 1000w\" sizes=\"auto, (max-width: 600px) 100vw, 600px\" \/><\/a>\n\t\t<span class=\"badge onsale perc\"><span class=\"onsale-before\">-<\/span> <span class=\"onsale-percent\">30<\/span> <span class=\"onsale-after\">%<\/span> <span class=\"onsale-off\">Off<\/span><\/span>\t\t<div class=\"actions-wrapper\">\n\t\t\t<div class=\"actions-inner\">\n\t\t\t\t\t\t\t\t<a href=\"https:\/\/luciennelaparisienne.fr\/it\/prodotto\/housse-ete-pour-sac-en-velours\/\" data-quantity=\"1\" class=\"button product_type_variable add_to_cart_button\" data-product_id=\"17227\" data-product_sku=\"\" aria-label=\"Seleziona le opzioni per \u201cHousse pour sac en velours\u201d\" rel=\"nofollow\" data-no-translation-aria-label=\"\"><span class=\"text\" data-no-translation=\"\" data-trp-gettext=\"\">Scegli<\/span><span class=\"icon\"><span class=\"et-icon et-shopping-bag\"><\/span><\/span><\/a>\t\t\t\t<a href=\"https:\/\/luciennelaparisienne.fr\/it\/prodotto\/housse-ete-pour-sac-en-velours\/\" title=\"Quick View\" data-product_id=\"17227\" class=\"et-quickview-btn et-tooltip product_type_variable\"><span class=\"text\">Quick View<\/span><span class=\"icon\"><span class=\"et-icon et-maximize-2\"><\/span><\/span><\/a>\t\t\t<\/div>\n\t\t<\/div>\n\t<\/figure>\n\t<div class=\"caption\">\n\t\t<div class=\"product-title\">\n\t\t\t<h2><a class=\"product-link\" href=\"https:\/\/luciennelaparisienne.fr\/it\/prodotto\/housse-ete-pour-sac-en-velours\/\" title=\"Housse pour sac en velours\">Housse pour sac en velours<\/a><\/h2>\n\t\t\t\t\t<\/div>\n\t\t\n\t\t<div class=\"product_after_title\">\n\n\t\t\t<div class=\"product_after_shop_loop_price\">\n\t\t\t\t\n\t<span class=\"price\"><del aria-hidden=\"true\"><span class=\"woocommerce-Price-amount amount\"><bdi>120&nbsp;<span class=\"woocommerce-Price-currencySymbol\">&euro;<\/span><\/bdi><\/span><\/del> <span class=\"screen-reader-text\" data-no-translation=\"\" data-trp-gettext=\"\">Il prezzo originale era: 120&nbsp;&euro;.<\/span><ins aria-hidden=\"true\"><span class=\"woocommerce-Price-amount amount\"><bdi>84&nbsp;<span class=\"woocommerce-Price-currencySymbol\">&euro;<\/span><\/bdi><\/span><\/ins><span class=\"screen-reader-text\" data-no-translation=\"\" data-trp-gettext=\"\">Il prezzo attuale \u00e8: 84&nbsp;&euro;.<\/span><\/span>\n\t\t\t<\/div>\n\n\t\t\t<div class=\"product-excerpt\">\n\t\t\t\t<p>Housse pour sac en velours Nous vous proposons des housses sp\u00e9cialement con\u00e7ues pour nos sacs. Si vous poss\u00e9dez d\u00e9j\u00e0 l\u2019un de nos mod\u00e8les, vous pouvez remplacer la housse en fourrure par une housse en velours. La housse est r\u00e9alis\u00e9e en velours d&rsquo;ameublements, tr\u00e8s r\u00e9sistant et tr\u00e8s doux \u00e0 la fois [&hellip;]<\/p>\n\t\t\t<\/div>\n\n\t\t\t<div class=\"after_shop_loop_actions\">\n\n\t\t\t\t<a href=\"https:\/\/luciennelaparisienne.fr\/it\/prodotto\/housse-ete-pour-sac-en-velours\/\" data-quantity=\"1\" class=\"button product_type_variable add_to_cart_button\" data-product_id=\"17227\" data-product_sku=\"\" aria-label=\"Seleziona le opzioni per \u201cHousse pour sac en velours\u201d\" rel=\"nofollow\" data-no-translation-aria-label=\"\"><span class=\"text\" data-no-translation=\"\" data-trp-gettext=\"\">Scegli<\/span><span class=\"icon\"><span class=\"et-icon et-shopping-bag\"><\/span><\/span><\/a>\t\t\t<\/div>\n\n\t\t<\/div>\n\n\t\t\n\t<\/div>\n\n\t<\/div>\n\n<\/li>\t\t\t\t\t\t\t\t\t\t\t\t\t\t\t\t\t\n<li class=\"item et-listing-style3 col-6 col-sm-6 col-md-4 col-lg-3 small_grid_5 product type-product post-17206 status-publish instock product_cat-pour-nos-teckels product_cat-sacs has-post-thumbnail sale taxable shipping-taxable purchasable product-type-variable woo-variation-gallery-product\">\n\t<div class=\"product-inner animation bottom-to-top\">\n\t\t<figure class=\"product_thumbnail et-image-hover\">  \n\t\t<a href=\"https:\/\/luciennelaparisienne.fr\/it\/prodotto\/sac-de-transport-teckel-bleue-marine\/\" title=\"Borsa da trasporto per bassotto blu navy\"><img loading=\"lazy\" decoding=\"async\" width=\"600\" height=\"600\" src=\"https:\/\/luciennelaparisienne.fr\/wp-content\/uploads\/2026\/04\/July-2026-74-600x600.jpg\" class=\"main-image skip-lazy\" alt=\"Borsa da trasporto per bassotto blu navy\" srcset=\"https:\/\/luciennelaparisienne.fr\/wp-content\/uploads\/2026\/04\/July-2026-74-600x600.jpg 600w, https:\/\/luciennelaparisienne.fr\/wp-content\/uploads\/2026\/04\/July-2026-74-300x300.jpg 300w, https:\/\/luciennelaparisienne.fr\/wp-content\/uploads\/2026\/04\/July-2026-74-1024x1024.jpg 1024w, https:\/\/luciennelaparisienne.fr\/wp-content\/uploads\/2026\/04\/July-2026-74-150x150.jpg 150w, https:\/\/luciennelaparisienne.fr\/wp-content\/uploads\/2026\/04\/July-2026-74-768x768.jpg 768w, https:\/\/luciennelaparisienne.fr\/wp-content\/uploads\/2026\/04\/July-2026-74-1536x1536.jpg 1536w, https:\/\/luciennelaparisienne.fr\/wp-content\/uploads\/2026\/04\/July-2026-74-12x12.jpg 12w, https:\/\/luciennelaparisienne.fr\/wp-content\/uploads\/2026\/04\/July-2026-74-900x900.jpg 900w, https:\/\/luciennelaparisienne.fr\/wp-content\/uploads\/2026\/04\/July-2026-74-100x100.jpg 100w, https:\/\/luciennelaparisienne.fr\/wp-content\/uploads\/2026\/04\/July-2026-74-50x50.jpg 50w, https:\/\/luciennelaparisienne.fr\/wp-content\/uploads\/2026\/04\/July-2026-74.jpg 2048w\" sizes=\"auto, (max-width: 600px) 100vw, 600px\" \/><img loading=\"lazy\" decoding=\"async\" width=\"600\" height=\"600\" src=\"https:\/\/luciennelaparisienne.fr\/wp-content\/uploads\/2026\/06\/July-2026-96-600x600.jpg\" class=\"product_thumbnail_hover\" alt=\"\" srcset=\"https:\/\/luciennelaparisienne.fr\/wp-content\/uploads\/2026\/06\/July-2026-96-600x600.jpg 600w, https:\/\/luciennelaparisienne.fr\/wp-content\/uploads\/2026\/06\/July-2026-96-300x300.jpg 300w, https:\/\/luciennelaparisienne.fr\/wp-content\/uploads\/2026\/06\/July-2026-96-1024x1024.jpg 1024w, https:\/\/luciennelaparisienne.fr\/wp-content\/uploads\/2026\/06\/July-2026-96-150x150.jpg 150w, https:\/\/luciennelaparisienne.fr\/wp-content\/uploads\/2026\/06\/July-2026-96-768x768.jpg 768w, https:\/\/luciennelaparisienne.fr\/wp-content\/uploads\/2026\/06\/July-2026-96-1536x1536.jpg 1536w, https:\/\/luciennelaparisienne.fr\/wp-content\/uploads\/2026\/06\/July-2026-96-12x12.jpg 12w, https:\/\/luciennelaparisienne.fr\/wp-content\/uploads\/2026\/06\/July-2026-96-900x900.jpg 900w, https:\/\/luciennelaparisienne.fr\/wp-content\/uploads\/2026\/06\/July-2026-96-100x100.jpg 100w, https:\/\/luciennelaparisienne.fr\/wp-content\/uploads\/2026\/06\/July-2026-96-50x50.jpg 50w, https:\/\/luciennelaparisienne.fr\/wp-content\/uploads\/2026\/06\/July-2026-96.jpg 2048w\" sizes=\"auto, (max-width: 600px) 100vw, 600px\" \/><\/a>\n\t\t<span class=\"badge onsale perc\"><span class=\"onsale-before\">-<\/span> <span class=\"onsale-percent\">11<\/span> <span class=\"onsale-after\">%<\/span> <span class=\"onsale-off\">Off<\/span><\/span>\t\t<div class=\"actions-wrapper\">\n\t\t\t<div class=\"actions-inner\">\n\t\t\t\t\t\t\t\t<a href=\"https:\/\/luciennelaparisienne.fr\/it\/prodotto\/sac-de-transport-teckel-bleue-marine\/\" data-quantity=\"1\" class=\"button product_type_variable add_to_cart_button\" data-product_id=\"17206\" data-product_sku=\"\" aria-label=\"Seleziona le opzioni per \u201cSac de transport Teckel Bleue-Marine\u201d\" rel=\"nofollow\" data-no-translation-aria-label=\"\"><span class=\"text\" data-no-translation=\"\" data-trp-gettext=\"\">Scegli<\/span><span class=\"icon\"><span class=\"et-icon et-shopping-bag\"><\/span><\/span><\/a>\t\t\t\t<a href=\"https:\/\/luciennelaparisienne.fr\/it\/prodotto\/sac-de-transport-teckel-bleue-marine\/\" title=\"Quick View\" data-product_id=\"17206\" class=\"et-quickview-btn et-tooltip product_type_variable\"><span class=\"text\">Quick View<\/span><span class=\"icon\"><span class=\"et-icon et-maximize-2\"><\/span><\/span><\/a>\t\t\t<\/div>\n\t\t<\/div>\n\t<\/figure>\n\t<div class=\"caption\">\n\t\t<div class=\"product-title\">\n\t\t\t<h2><a class=\"product-link\" href=\"https:\/\/luciennelaparisienne.fr\/it\/prodotto\/sac-de-transport-teckel-bleue-marine\/\" title=\"Borsa da trasporto per bassotto blu navy\">Borsa da trasporto per bassotto blu navy<\/a><\/h2>\n\t\t\t\t\t<\/div>\n\t\t\n\t\t<div class=\"product_after_title\">\n\n\t\t\t<div class=\"product_after_shop_loop_price\">\n\t\t\t\t\n\t<span class=\"price\"><span class=\"woocommerce-Price-amount amount\" aria-hidden=\"true\"><bdi>288&nbsp;<span class=\"woocommerce-Price-currencySymbol\">&euro;<\/span><\/bdi><\/span> <span aria-hidden=\"true\">-<\/span> <span class=\"woocommerce-Price-amount amount\" aria-hidden=\"true\"><bdi>360&nbsp;<span class=\"woocommerce-Price-currencySymbol\">&euro;<\/span><\/bdi><\/span><span class=\"screen-reader-text\" data-no-translation=\"\" data-trp-gettext=\"\">Fascia di prezzo: da 288&nbsp;&euro; a 360&nbsp;&euro;<\/span><\/span>\n\t\t\t<\/div>\n\n\t\t\t<div class=\"product-excerpt\">\n\t\t\t\t<p>Sac de transport Les chiens adorent nous accompagner partout et les teckels encore plus ! Affectueux, proches de leurs ma\u00eetres et faciles \u00e0 transporter, ils sont les compagnons id\u00e9aux du quotidien. C\u2019est pourquoi le sac de transport devient vite indispensable si vous aimez emmener votre teckel avec vous, que ce [&hellip;]<\/p>\n\t\t\t<\/div>\n\n\t\t\t<div class=\"after_shop_loop_actions\">\n\n\t\t\t\t<a href=\"https:\/\/luciennelaparisienne.fr\/it\/prodotto\/sac-de-transport-teckel-bleue-marine\/\" data-quantity=\"1\" class=\"button product_type_variable add_to_cart_button\" data-product_id=\"17206\" data-product_sku=\"\" aria-label=\"Seleziona le opzioni per \u201cSac de transport Teckel Bleue-Marine\u201d\" rel=\"nofollow\" data-no-translation-aria-label=\"\"><span class=\"text\" data-no-translation=\"\" data-trp-gettext=\"\">Scegli<\/span><span class=\"icon\"><span class=\"et-icon et-shopping-bag\"><\/span><\/span><\/a>\t\t\t<\/div>\n\n\t\t<\/div>\n\n\t\t\n\t<\/div>\n\n\t<\/div>\n\n<\/li>\t\t\t\t\t\t\t\t\t\t\t\t\t\t\t\t\t\n<li class=\"item et-listing-style3 col-6 col-sm-6 col-md-4 col-lg-3 small_grid_5 product type-product post-17198 status-publish instock product_cat-pour-nos-teckels product_cat-sacs has-post-thumbnail sale featured taxable shipping-taxable purchasable product-type-variable woo-variation-gallery-product\">\n\t<div class=\"product-inner animation bottom-to-top\">\n\t\t<figure class=\"product_thumbnail et-image-hover\">  \n\t\t<a href=\"https:\/\/luciennelaparisienne.fr\/it\/prodotto\/sac-de-transport-teckel-noir-2\/\" title=\"Borsa da trasporto per bassotto nero\"><img loading=\"lazy\" decoding=\"async\" width=\"600\" height=\"600\" src=\"https:\/\/luciennelaparisienne.fr\/wp-content\/uploads\/2026\/06\/July-2026-80-1-600x600.jpg\" class=\"main-image skip-lazy\" alt=\"Borsa da trasporto per bassotto nero\" srcset=\"https:\/\/luciennelaparisienne.fr\/wp-content\/uploads\/2026\/06\/July-2026-80-1-600x600.jpg 600w, https:\/\/luciennelaparisienne.fr\/wp-content\/uploads\/2026\/06\/July-2026-80-1-300x300.jpg 300w, https:\/\/luciennelaparisienne.fr\/wp-content\/uploads\/2026\/06\/July-2026-80-1-1024x1024.jpg 1024w, https:\/\/luciennelaparisienne.fr\/wp-content\/uploads\/2026\/06\/July-2026-80-1-150x150.jpg 150w, https:\/\/luciennelaparisienne.fr\/wp-content\/uploads\/2026\/06\/July-2026-80-1-768x768.jpg 768w, https:\/\/luciennelaparisienne.fr\/wp-content\/uploads\/2026\/06\/July-2026-80-1-1536x1536.jpg 1536w, https:\/\/luciennelaparisienne.fr\/wp-content\/uploads\/2026\/06\/July-2026-80-1-12x12.jpg 12w, https:\/\/luciennelaparisienne.fr\/wp-content\/uploads\/2026\/06\/July-2026-80-1-900x900.jpg 900w, https:\/\/luciennelaparisienne.fr\/wp-content\/uploads\/2026\/06\/July-2026-80-1-100x100.jpg 100w, https:\/\/luciennelaparisienne.fr\/wp-content\/uploads\/2026\/06\/July-2026-80-1-50x50.jpg 50w, https:\/\/luciennelaparisienne.fr\/wp-content\/uploads\/2026\/06\/July-2026-80-1.jpg 2048w\" sizes=\"auto, (max-width: 600px) 100vw, 600px\" \/><img loading=\"lazy\" decoding=\"async\" width=\"600\" height=\"600\" src=\"https:\/\/luciennelaparisienne.fr\/wp-content\/uploads\/2026\/04\/July-2026-81-1-600x600.jpg\" class=\"product_thumbnail_hover\" alt=\"\" srcset=\"https:\/\/luciennelaparisienne.fr\/wp-content\/uploads\/2026\/04\/July-2026-81-1-600x600.jpg 600w, https:\/\/luciennelaparisienne.fr\/wp-content\/uploads\/2026\/04\/July-2026-81-1-300x300.jpg 300w, https:\/\/luciennelaparisienne.fr\/wp-content\/uploads\/2026\/04\/July-2026-81-1-1024x1024.jpg 1024w, https:\/\/luciennelaparisienne.fr\/wp-content\/uploads\/2026\/04\/July-2026-81-1-150x150.jpg 150w, https:\/\/luciennelaparisienne.fr\/wp-content\/uploads\/2026\/04\/July-2026-81-1-768x768.jpg 768w, https:\/\/luciennelaparisienne.fr\/wp-content\/uploads\/2026\/04\/July-2026-81-1-1536x1536.jpg 1536w, https:\/\/luciennelaparisienne.fr\/wp-content\/uploads\/2026\/04\/July-2026-81-1-12x12.jpg 12w, https:\/\/luciennelaparisienne.fr\/wp-content\/uploads\/2026\/04\/July-2026-81-1-900x900.jpg 900w, https:\/\/luciennelaparisienne.fr\/wp-content\/uploads\/2026\/04\/July-2026-81-1-100x100.jpg 100w, https:\/\/luciennelaparisienne.fr\/wp-content\/uploads\/2026\/04\/July-2026-81-1-50x50.jpg 50w, https:\/\/luciennelaparisienne.fr\/wp-content\/uploads\/2026\/04\/July-2026-81-1.jpg 2048w\" sizes=\"auto, (max-width: 600px) 100vw, 600px\" \/><\/a>\n\t\t<span class=\"badge onsale perc\"><span class=\"onsale-before\">-<\/span> <span class=\"onsale-percent\">11<\/span> <span class=\"onsale-after\">%<\/span> <span class=\"onsale-off\">Off<\/span><\/span>\t\t<div class=\"actions-wrapper\">\n\t\t\t<div class=\"actions-inner\">\n\t\t\t\t\t\t\t\t<a href=\"https:\/\/luciennelaparisienne.fr\/it\/prodotto\/sac-de-transport-teckel-noir-2\/\" data-quantity=\"1\" class=\"button product_type_variable add_to_cart_button\" data-product_id=\"17198\" data-product_sku=\"\" aria-label=\"Seleziona le opzioni per \u201cSac de transport Teckel Noir\u201d\" rel=\"nofollow\" data-no-translation-aria-label=\"\"><span class=\"text\" data-no-translation=\"\" data-trp-gettext=\"\">Scegli<\/span><span class=\"icon\"><span class=\"et-icon et-shopping-bag\"><\/span><\/span><\/a>\t\t\t\t<a href=\"https:\/\/luciennelaparisienne.fr\/it\/prodotto\/sac-de-transport-teckel-noir-2\/\" title=\"Quick View\" data-product_id=\"17198\" class=\"et-quickview-btn et-tooltip product_type_variable\"><span class=\"text\">Quick View<\/span><span class=\"icon\"><span class=\"et-icon et-maximize-2\"><\/span><\/span><\/a>\t\t\t<\/div>\n\t\t<\/div>\n\t<\/figure>\n\t<div class=\"caption\">\n\t\t<div class=\"product-title\">\n\t\t\t<h2><a class=\"product-link\" href=\"https:\/\/luciennelaparisienne.fr\/it\/prodotto\/sac-de-transport-teckel-noir-2\/\" title=\"Borsa da trasporto per bassotto nero\">Borsa da trasporto per bassotto nero<\/a><\/h2>\n\t\t\t\t\t<\/div>\n\t\t\n\t\t<div class=\"product_after_title\">\n\n\t\t\t<div class=\"product_after_shop_loop_price\">\n\t\t\t\t\n\t<span class=\"price\"><span class=\"woocommerce-Price-amount amount\" aria-hidden=\"true\"><bdi>288&nbsp;<span class=\"woocommerce-Price-currencySymbol\">&euro;<\/span><\/bdi><\/span> <span aria-hidden=\"true\">-<\/span> <span class=\"woocommerce-Price-amount amount\" aria-hidden=\"true\"><bdi>360&nbsp;<span class=\"woocommerce-Price-currencySymbol\">&euro;<\/span><\/bdi><\/span><span class=\"screen-reader-text\" data-no-translation=\"\" data-trp-gettext=\"\">Fascia di prezzo: da 288&nbsp;&euro; a 360&nbsp;&euro;<\/span><\/span>\n\t\t\t<\/div>\n\n\t\t\t<div class=\"product-excerpt\">\n\t\t\t\t<p>Sac de transport Les chiens adorent nous accompagner partout et les teckels encore plus ! Affectueux, proches de leurs ma\u00eetres et faciles \u00e0 transporter, ils sont les compagnons id\u00e9aux du quotidien. C\u2019est pourquoi le sac de transport devient vite indispensable si vous aimez emmener votre teckel avec vous, que ce [&hellip;]<\/p>\n\t\t\t<\/div>\n\n\t\t\t<div class=\"after_shop_loop_actions\">\n\n\t\t\t\t<a href=\"https:\/\/luciennelaparisienne.fr\/it\/prodotto\/sac-de-transport-teckel-noir-2\/\" data-quantity=\"1\" class=\"button product_type_variable add_to_cart_button\" data-product_id=\"17198\" data-product_sku=\"\" aria-label=\"Seleziona le opzioni per \u201cSac de transport Teckel Noir\u201d\" rel=\"nofollow\" data-no-translation-aria-label=\"\"><span class=\"text\" data-no-translation=\"\" data-trp-gettext=\"\">Scegli<\/span><span class=\"icon\"><span class=\"et-icon et-shopping-bag\"><\/span><\/span><\/a>\t\t\t<\/div>\n\n\t\t<\/div>\n\n\t\t\n\t<\/div>\n\n\t<\/div>\n\n<\/li>\t\t\t\t\t\t\t\t\t\t\t\t\t\t\t\t\t\n<li class=\"item et-listing-style3 col-6 col-sm-6 col-md-4 col-lg-3 small_grid_5 product type-product post-16119 status-publish last instock product_cat-fin-de-collection product_cat-paniers-coussins-niches-paniers-voiture product_cat-pour-nos-teckels product_cat-pour-se-coucher has-post-thumbnail sale featured taxable shipping-taxable purchasable product-type-variable woo-variation-gallery-product\">\n\t<div class=\"product-inner animation bottom-to-top\">\n\t\t<figure class=\"product_thumbnail et-image-hover\">  \n\t\t<a href=\"https:\/\/luciennelaparisienne.fr\/it\/prodotto\/coussin-rectangulaire\/\" title=\"Cuscino con fodera sfoderabile\"><img loading=\"lazy\" decoding=\"async\" width=\"600\" height=\"600\" src=\"https:\/\/luciennelaparisienne.fr\/wp-content\/uploads\/2026\/01\/mal-03422-2-600x600.jpg\" class=\"main-image skip-lazy\" alt=\"Cuscino con fodera sfoderabile\" srcset=\"https:\/\/luciennelaparisienne.fr\/wp-content\/uploads\/2026\/01\/mal-03422-2-600x600.jpg 600w, https:\/\/luciennelaparisienne.fr\/wp-content\/uploads\/2026\/01\/mal-03422-2-300x300.jpg 300w, https:\/\/luciennelaparisienne.fr\/wp-content\/uploads\/2026\/01\/mal-03422-2-150x150.jpg 150w, https:\/\/luciennelaparisienne.fr\/wp-content\/uploads\/2026\/01\/mal-03422-2-768x768.jpg 768w, https:\/\/luciennelaparisienne.fr\/wp-content\/uploads\/2026\/01\/mal-03422-2-12x12.jpg 12w, https:\/\/luciennelaparisienne.fr\/wp-content\/uploads\/2026\/01\/mal-03422-2-900x900.jpg 900w, https:\/\/luciennelaparisienne.fr\/wp-content\/uploads\/2026\/01\/mal-03422-2-100x100.jpg 100w, https:\/\/luciennelaparisienne.fr\/wp-content\/uploads\/2026\/01\/mal-03422-2-50x50.jpg 50w, https:\/\/luciennelaparisienne.fr\/wp-content\/uploads\/2026\/01\/mal-03422-2.jpg 1000w\" sizes=\"auto, (max-width: 600px) 100vw, 600px\" \/><img loading=\"lazy\" decoding=\"async\" width=\"600\" height=\"600\" src=\"https:\/\/luciennelaparisienne.fr\/wp-content\/uploads\/2026\/01\/mal-03430-600x600.jpg\" class=\"product_thumbnail_hover\" alt=\"\" srcset=\"https:\/\/luciennelaparisienne.fr\/wp-content\/uploads\/2026\/01\/mal-03430-600x600.jpg 600w, https:\/\/luciennelaparisienne.fr\/wp-content\/uploads\/2026\/01\/mal-03430-300x300.jpg 300w, https:\/\/luciennelaparisienne.fr\/wp-content\/uploads\/2026\/01\/mal-03430-150x150.jpg 150w, https:\/\/luciennelaparisienne.fr\/wp-content\/uploads\/2026\/01\/mal-03430-768x768.jpg 768w, https:\/\/luciennelaparisienne.fr\/wp-content\/uploads\/2026\/01\/mal-03430-12x12.jpg 12w, https:\/\/luciennelaparisienne.fr\/wp-content\/uploads\/2026\/01\/mal-03430-900x900.jpg 900w, https:\/\/luciennelaparisienne.fr\/wp-content\/uploads\/2026\/01\/mal-03430-100x100.jpg 100w, https:\/\/luciennelaparisienne.fr\/wp-content\/uploads\/2026\/01\/mal-03430-50x50.jpg 50w, https:\/\/luciennelaparisienne.fr\/wp-content\/uploads\/2026\/01\/mal-03430.jpg 1000w\" sizes=\"auto, (max-width: 600px) 100vw, 600px\" \/><\/a>\n\t\t<span class=\"badge onsale perc\"><span class=\"onsale-before\">-<\/span> <span class=\"onsale-percent\">40<\/span> <span class=\"onsale-after\">%<\/span> <span class=\"onsale-off\">Off<\/span><\/span>\t\t<div class=\"actions-wrapper\">\n\t\t\t<div class=\"actions-inner\">\n\t\t\t\t\t\t\t\t<a href=\"https:\/\/luciennelaparisienne.fr\/it\/prodotto\/coussin-rectangulaire\/\" data-quantity=\"1\" class=\"button product_type_variable add_to_cart_button\" data-product_id=\"16119\" data-product_sku=\"\" aria-label=\"Seleziona le opzioni per \u201cCoussin d\u00e9houssable\u201d\" rel=\"nofollow\" data-no-translation-aria-label=\"\"><span class=\"text\" data-no-translation=\"\" data-trp-gettext=\"\">Scegli<\/span><span class=\"icon\"><span class=\"et-icon et-shopping-bag\"><\/span><\/span><\/a>\t\t\t\t<a href=\"https:\/\/luciennelaparisienne.fr\/it\/prodotto\/coussin-rectangulaire\/\" title=\"Quick View\" data-product_id=\"16119\" class=\"et-quickview-btn et-tooltip product_type_variable\"><span class=\"text\">Quick View<\/span><span class=\"icon\"><span class=\"et-icon et-maximize-2\"><\/span><\/span><\/a>\t\t\t<\/div>\n\t\t<\/div>\n\t<\/figure>\n\t<div class=\"caption\">\n\t\t<div class=\"product-title\">\n\t\t\t<h2><a class=\"product-link\" href=\"https:\/\/luciennelaparisienne.fr\/it\/prodotto\/coussin-rectangulaire\/\" title=\"Cuscino con fodera sfoderabile\">Cuscino con fodera sfoderabile<\/a><\/h2>\n\t\t\t\t\t<\/div>\n\t\t\n\t\t<div class=\"product_after_title\">\n\n\t\t\t<div class=\"product_after_shop_loop_price\">\n\t\t\t\t\n\t<span class=\"price\"><del aria-hidden=\"true\"><span class=\"woocommerce-Price-amount amount\"><bdi>120&nbsp;<span class=\"woocommerce-Price-currencySymbol\">&euro;<\/span><\/bdi><\/span><\/del> <span class=\"screen-reader-text\" data-no-translation=\"\" data-trp-gettext=\"\">Il prezzo originale era: 120&nbsp;&euro;.<\/span><ins aria-hidden=\"true\"><span class=\"woocommerce-Price-amount amount\"><bdi>72&nbsp;<span class=\"woocommerce-Price-currencySymbol\">&euro;<\/span><\/bdi><\/span><\/ins><span class=\"screen-reader-text\" data-no-translation=\"\" data-trp-gettext=\"\">Il prezzo attuale \u00e8: 72&nbsp;&euro;.<\/span><\/span>\n\t\t\t<\/div>\n\n\t\t\t<div class=\"product-excerpt\">\n\t\t\t\t<p>Coussin d\u00e9houssable\u00a0 Le coussin rectangulaire\u00a0 est une alternative chic et confortable au panier classique. Moelleux et accueillant, il offre \u00e0 votre chien un espace de repos doux et stable. Fabriqu\u00e9 en velours d\u2019ameublement, il est agr\u00e9able au toucher tout en \u00e9tant r\u00e9sistant et adapt\u00e9 \u00e0 un usage quotidien. Son format [&hellip;]<\/p>\n\t\t\t<\/div>\n\n\t\t\t<div class=\"after_shop_loop_actions\">\n\n\t\t\t\t<a href=\"https:\/\/luciennelaparisienne.fr\/it\/prodotto\/coussin-rectangulaire\/\" data-quantity=\"1\" class=\"button product_type_variable add_to_cart_button\" data-product_id=\"16119\" data-product_sku=\"\" aria-label=\"Seleziona le opzioni per \u201cCoussin d\u00e9houssable\u201d\" rel=\"nofollow\" data-no-translation-aria-label=\"\"><span class=\"text\" data-no-translation=\"\" data-trp-gettext=\"\">Scegli<\/span><span class=\"icon\"><span class=\"et-icon et-shopping-bag\"><\/span><\/span><\/a>\t\t\t<\/div>\n\n\t\t<\/div>\n\n\t\t\n\t<\/div>\n\n\t<\/div>\n\n<\/li>\t\t\t\t\t\t\t\t\t\t\t\t\t\t\t\n\t\t\t\t<\/ul>\n\t\t\t\t\t \n\t<\/div><\/div><\/div><\/div><\/div>\n<\/div>","protected":false},"excerpt":{"rendered":"Coussin d\u00e9houssable\u00a0 Le coussin rectangulaire\u00a0 est une alternative chic et confortable au panier classique. Moelleux et accueillant, il offre \u00e0 votre chien un espace de repos doux et stable. Fabriqu\u00e9 en velours d\u2019ameublement, il est agr\u00e9able au toucher tout en \u00e9tant r\u00e9sistant et adapt\u00e9 \u00e0 un usage quotidien. Son format [...]","protected":false},"author":1,"featured_media":0,"parent":0,"menu_order":0,"comment_status":"closed","ping_status":"closed","template":"","meta":{"inline_featured_image":false,"footnotes":""},"class_list":["post-12832","page","type-page","status-publish","hentry"],"yoast_head":"<!-- This site is optimized with the Yoast SEO plugin v26.6 - https:\/\/yoast.com\/wordpress\/plugins\/seo\/ -->\n<title>SOLDES - Lucienne la Parisienne<\/title>\n<meta name=\"robots\" content=\"index, follow, max-snippet:-1, max-image-preview:large, max-video-preview:-1\" \/>\n<link rel=\"canonical\" href=\"https:\/\/luciennelaparisienne.fr\/it\/soldes\/\" \/>\n<meta property=\"og:locale\" content=\"it_IT\" \/>\n<meta property=\"og:type\" content=\"article\" \/>\n<meta property=\"og:title\" content=\"SOLDES - Lucienne la Parisienne\" \/>\n<meta property=\"og:url\" content=\"https:\/\/luciennelaparisienne.fr\/it\/soldes\/\" \/>\n<meta property=\"og:site_name\" content=\"Lucienne la Parisienne\" \/>\n<meta name=\"twitter:card\" content=\"summary_large_image\" \/>\n<meta name=\"twitter:label1\" content=\"Tempo di lettura stimato\" \/>\n\t<meta name=\"twitter:data1\" content=\"1 minuto\" \/>\n<script type=\"application\/ld+json\" class=\"yoast-schema-graph\">{\"@context\":\"https:\/\/schema.org\",\"@graph\":[{\"@type\":\"WebPage\",\"@id\":\"https:\/\/luciennelaparisienne.fr\/soldes\/\",\"url\":\"https:\/\/luciennelaparisienne.fr\/soldes\/\",\"name\":\"SOLDES - Lucienne la Parisienne\",\"isPartOf\":{\"@id\":\"https:\/\/luciennelaparisienne.fr\/#website\"},\"datePublished\":\"2025-01-09T15:52:25+00:00\",\"breadcrumb\":{\"@id\":\"https:\/\/luciennelaparisienne.fr\/soldes\/#breadcrumb\"},\"inLanguage\":\"it-IT\",\"potentialAction\":[{\"@type\":\"ReadAction\",\"target\":[\"https:\/\/luciennelaparisienne.fr\/soldes\/\"]}]},{\"@type\":\"BreadcrumbList\",\"@id\":\"https:\/\/luciennelaparisienne.fr\/soldes\/#breadcrumb\",\"itemListElement\":[{\"@type\":\"ListItem\",\"position\":1,\"name\":\"Accueil\",\"item\":\"https:\/\/luciennelaparisienne.fr\/\"},{\"@type\":\"ListItem\",\"position\":2,\"name\":\"SOLDES\"}]},{\"@type\":\"WebSite\",\"@id\":\"https:\/\/luciennelaparisienne.fr\/#website\",\"url\":\"https:\/\/luciennelaparisienne.fr\/\",\"name\":\"Lucienne la Parisienne\",\"description\":\"Produits pour Teckels\",\"potentialAction\":[{\"@type\":\"SearchAction\",\"target\":{\"@type\":\"EntryPoint\",\"urlTemplate\":\"https:\/\/luciennelaparisienne.fr\/?s={search_term_string}\"},\"query-input\":{\"@type\":\"PropertyValueSpecification\",\"valueRequired\":true,\"valueName\":\"search_term_string\"}}],\"inLanguage\":\"it-IT\"}]}<\/script>\n<!-- \/ Yoast SEO plugin. -->","yoast_head_json":{"title":"SOLDES - Lucienne la Parisienne","robots":{"index":"index","follow":"follow","max-snippet":"max-snippet:-1","max-image-preview":"max-image-preview:large","max-video-preview":"max-video-preview:-1"},"canonical":"https:\/\/luciennelaparisienne.fr\/it\/soldes\/","og_locale":"it_IT","og_type":"article","og_title":"SOLDES - Lucienne la Parisienne","og_url":"https:\/\/luciennelaparisienne.fr\/it\/soldes\/","og_site_name":"Lucienne la Parisienne","twitter_card":"summary_large_image","twitter_misc":{"Tempo di lettura stimato":"1 minuto"},"schema":{"@context":"https:\/\/schema.org","@graph":[{"@type":"WebPage","@id":"https:\/\/luciennelaparisienne.fr\/soldes\/","url":"https:\/\/luciennelaparisienne.fr\/soldes\/","name":"SOLDES - Lucienne la Parisienne","isPartOf":{"@id":"https:\/\/luciennelaparisienne.fr\/#website"},"datePublished":"2025-01-09T15:52:25+00:00","breadcrumb":{"@id":"https:\/\/luciennelaparisienne.fr\/soldes\/#breadcrumb"},"inLanguage":"it-IT","potentialAction":[{"@type":"ReadAction","target":["https:\/\/luciennelaparisienne.fr\/soldes\/"]}]},{"@type":"BreadcrumbList","@id":"https:\/\/luciennelaparisienne.fr\/soldes\/#breadcrumb","itemListElement":[{"@type":"ListItem","position":1,"name":"Accueil","item":"https:\/\/luciennelaparisienne.fr\/"},{"@type":"ListItem","position":2,"name":"SOLDES"}]},{"@type":"WebSite","@id":"https:\/\/luciennelaparisienne.fr\/#website","url":"https:\/\/luciennelaparisienne.fr\/","name":"Lucienne la Parisienne","description":"Produits pour Teckels","potentialAction":[{"@type":"SearchAction","target":{"@type":"EntryPoint","urlTemplate":"https:\/\/luciennelaparisienne.fr\/?s={search_term_string}"},"query-input":{"@type":"PropertyValueSpecification","valueRequired":true,"valueName":"search_term_string"}}],"inLanguage":"it-IT"}]}},"_links":{"self":[{"href":"https:\/\/luciennelaparisienne.fr\/it\/wp-json\/wp\/v2\/pages\/12832","targetHints":{"allow":["GET"]}}],"collection":[{"href":"https:\/\/luciennelaparisienne.fr\/it\/wp-json\/wp\/v2\/pages"}],"about":[{"href":"https:\/\/luciennelaparisienne.fr\/it\/wp-json\/wp\/v2\/types\/page"}],"author":[{"embeddable":true,"href":"https:\/\/luciennelaparisienne.fr\/it\/wp-json\/wp\/v2\/users\/1"}],"replies":[{"embeddable":true,"href":"https:\/\/luciennelaparisienne.fr\/it\/wp-json\/wp\/v2\/comments?post=12832"}],"version-history":[{"count":1,"href":"https:\/\/luciennelaparisienne.fr\/it\/wp-json\/wp\/v2\/pages\/12832\/revisions"}],"predecessor-version":[{"id":12833,"href":"https:\/\/luciennelaparisienne.fr\/it\/wp-json\/wp\/v2\/pages\/12832\/revisions\/12833"}],"wp:attachment":[{"href":"https:\/\/luciennelaparisienne.fr\/it\/wp-json\/wp\/v2\/media?parent=12832"}],"curies":[{"name":"wp","href":"https:\/\/api.w.org\/{rel}","templated":true}]}}