{"id":15321,"date":"2025-11-14T17:21:36","date_gmt":"2025-11-14T16:21:36","guid":{"rendered":"https:\/\/luciennelaparisienne.fr\/?post_type=product&#038;p=15321"},"modified":"2026-08-30T19:31:50","modified_gmt":"2026-08-30T17:31:50","slug":"trench-coat-montaigne","status":"publish","type":"product","link":"https:\/\/luciennelaparisienne.fr\/it\/prodotto\/trench-coat-montaigne\/","title":{"rendered":"Trench Montaigne"},"content":{"rendered":"<p><strong>Trench Montaigne<\/strong><br \/>\n<span style=\"font-size: 10pt;\">Il vero gioiello della nostra collezione \u00e8 questo trench Montaigne. Chic, elegante e dal taglio perfetto, valorizza la silhouette del vostro bassotto e gli conferisce un fascino irresistibile.<\/span><br \/>\n<span style=\"font-size: 10pt;\">Il tessuto \u00e8 idrorepellente su entrambi i lati, ideale per affrontare la pioggia senza rinunciare allo stile. Sul retro \u00e8 prevista un'apertura per l'imbracatura. La chiusura \u00e8 a bottoni a pressione per una maggiore praticit\u00e0.<\/span><br \/>\n<span style=\"font-size: 10pt;\">Con questo trench, il vostro bassotto sar\u00e0 senza dubbio il pi\u00f9 chic e il pi\u00f9 elegante! Perfetto per la mezza stagione.<\/span><br \/>\n<span style=\"font-size: 10pt;\"><em>Il modello color beige \u00e8 foderato con un elegante tessuto a quadri che aggiunge un tocco di raffinatezza in pi\u00f9. I modelli nei colori nero e kaki sono foderati in pile.<\/em><\/span><\/p>\n<p><strong>Caratteristiche :<\/strong><br \/>\n<span style=\"font-size: 10pt;\">I modelli nei colori Nero e Kaki sono foderati in softshell impermeabile e presentano l'interno in pile\u00a0<\/span><br \/>\n<span style=\"font-size: 10pt;\">La couleur Beige est doubl\u00e9e en l&rsquo;int\u00e9rieur en coton.<\/span><br \/>\n<span style=\"font-size: 10pt;\">Tessuto: 84% Poliestere 16% Poliamide<\/span><\/p>\n<p><strong>Manutenzione:\u00a0<\/strong><span style=\"font-size: 10pt;\">Lavaggio a mano o in lavatrice a 30 \u00b0C. Strizzatura e asciugatura leggera.<\/span><\/p>\n<p><strong>Disponibile nelle taglie:<\/strong><br \/>\n<span style=\"font-size: 10pt;\">XXS: Bassotto Kaninchen 3-4 kg<\/span><br \/>\n<span style=\"font-size: 10pt;\">XS: Bassotto nano 5 kg<\/span><br \/>\n<span style=\"font-size: 10pt;\">S: Bassotto Nano 6-7 kg<\/span><br \/>\n<span style=\"font-size: 10pt;\">M: Bassotto standard 8-8,5 kg<\/span><br \/>\n<span style=\"font-size: 10pt;\">L: Bassotto standard grande 9-10 kg<\/span><br \/>\n<span style=\"font-size: 10pt;\">XL: Bassotto di taglia grande (Standard) 10 kg +<\/span><br \/>\n<span style=\"font-size: 10pt;\">Le taglie XXS e XL sono disponibili solo su prenotazione e dopo il pagamento.<\/span><br \/>\n<span style=\"font-size: 10pt;\">\u00c8 possibile ordinare su misura, grazie di <a href=\"https:\/\/luciennelaparisienne.fr\/contactez-nous\/\"><strong>contattarci tramite la sezione contatti<\/strong><\/a>.<\/span><br \/>\n<span style=\"font-size: 10pt;\"><strong>La produzione su misura avviene dopo il pagamento e richiede 2 settimane.<\/strong><\/span><\/p>\n<p><em>Si prega di notare che i colori visibili nelle foto possono variare leggermente a seconda dello schermo.<\/em><\/p>","protected":false},"excerpt":{"rendered":"<p>Trench-coat Montaigne Le v\u00e9ritable bijou de notre collection, c\u2019est ce trench-coat Montaigne. Chic, \u00e9l\u00e9gant et parfaitement coup\u00e9, il met en valeur la silhouette de votre teckel et lui donne une allure irr\u00e9sistible. Le tissu est d\u00e9perlant des deux c\u00f4t\u00e9s, id\u00e9al pour affronter la pluie tout en restant styl\u00e9. Une ouverture [&hellip;]<\/p>","protected":false},"featured_media":15820,"comment_status":"open","ping_status":"closed","template":"","meta":{"inline_featured_image":false},"product_brand":[],"product_cat":[70,72,153],"product_tag":[],"class_list":["post-15321","product","type-product","status-publish","has-post-thumbnail","product_cat-pour-nos-teckels","product_cat-pour-shabiller","product_cat-vetements","first","instock","featured","taxable","shipping-taxable","purchasable","product-type-variable"],"yoast_head":"<!-- This site is optimized with the Yoast SEO plugin v26.6 - https:\/\/yoast.com\/wordpress\/plugins\/seo\/ -->\n<title>Imperm\u00e9able pour Chien, Teckel | Lucienne la Parisienne<\/title>\n<meta name=\"description\" content=\"Magnifiques v\u00eatements &amp; accessoires pour prendre soin de son chien. Produits con\u00e7us pour les teckels 100% artisanaux et fabriqu\u00e9s en France.\" \/>\n<meta name=\"robots\" content=\"index, follow, max-snippet:-1, max-image-preview:large, max-video-preview:-1\" \/>\n<link rel=\"canonical\" href=\"https:\/\/luciennelaparisienne.fr\/it\/prodotto\/trench-coat-montaigne\/\" \/>\n<meta property=\"og:locale\" content=\"it_IT\" \/>\n<meta property=\"og:type\" content=\"article\" \/>\n<meta property=\"og:title\" content=\"Imperm\u00e9able pour Chien, Teckel | Lucienne la Parisienne\" \/>\n<meta property=\"og:description\" content=\"Magnifiques v\u00eatements &amp; accessoires pour prendre soin de son chien. Produits con\u00e7us pour les teckels 100% artisanaux et fabriqu\u00e9s en France.\" \/>\n<meta property=\"og:url\" content=\"https:\/\/luciennelaparisienne.fr\/it\/prodotto\/trench-coat-montaigne\/\" \/>\n<meta property=\"og:site_name\" content=\"Lucienne la Parisienne\" \/>\n<meta property=\"article:modified_time\" content=\"2026-08-30T17:31:50+00:00\" \/>\n<meta property=\"og:image\" content=\"https:\/\/luciennelaparisienne.fr\/wp-content\/uploads\/2025\/11\/9Q8A8378-copy_resized.jpeg\" \/>\n\t<meta property=\"og:image:width\" content=\"2560\" \/>\n\t<meta property=\"og:image:height\" content=\"2560\" \/>\n\t<meta property=\"og:image:type\" content=\"image\/jpeg\" \/>\n<meta name=\"twitter:card\" content=\"summary_large_image\" \/>\n<meta name=\"twitter:label1\" content=\"Tempo di lettura stimato\" \/>\n\t<meta name=\"twitter:data1\" content=\"2 minuti\" \/>\n<script type=\"application\/ld+json\" class=\"yoast-schema-graph\">{\"@context\":\"https:\/\/schema.org\",\"@graph\":[{\"@type\":\"WebPage\",\"@id\":\"https:\/\/luciennelaparisienne.fr\/produit\/trench-coat-montaigne\/\",\"url\":\"https:\/\/luciennelaparisienne.fr\/produit\/trench-coat-montaigne\/\",\"name\":\"Imperm\u00e9able pour Chien, Teckel | Lucienne la Parisienne\",\"isPartOf\":{\"@id\":\"https:\/\/luciennelaparisienne.fr\/#website\"},\"primaryImageOfPage\":{\"@id\":\"https:\/\/luciennelaparisienne.fr\/produit\/trench-coat-montaigne\/#primaryimage\"},\"image\":{\"@id\":\"https:\/\/luciennelaparisienne.fr\/produit\/trench-coat-montaigne\/#primaryimage\"},\"thumbnailUrl\":\"https:\/\/luciennelaparisienne.fr\/wp-content\/uploads\/2025\/11\/9Q8A8378-copy_resized.jpeg\",\"datePublished\":\"2025-11-14T16:21:36+00:00\",\"dateModified\":\"2026-08-30T17:31:50+00:00\",\"description\":\"Magnifiques v\u00eatements & accessoires pour prendre soin de son chien. Produits con\u00e7us pour les teckels 100% artisanaux et fabriqu\u00e9s en France.\",\"breadcrumb\":{\"@id\":\"https:\/\/luciennelaparisienne.fr\/produit\/trench-coat-montaigne\/#breadcrumb\"},\"inLanguage\":\"it-IT\",\"potentialAction\":[{\"@type\":\"ReadAction\",\"target\":[\"https:\/\/luciennelaparisienne.fr\/produit\/trench-coat-montaigne\/\"]}]},{\"@type\":\"ImageObject\",\"inLanguage\":\"it-IT\",\"@id\":\"https:\/\/luciennelaparisienne.fr\/produit\/trench-coat-montaigne\/#primaryimage\",\"url\":\"https:\/\/luciennelaparisienne.fr\/wp-content\/uploads\/2025\/11\/9Q8A8378-copy_resized.jpeg\",\"contentUrl\":\"https:\/\/luciennelaparisienne.fr\/wp-content\/uploads\/2025\/11\/9Q8A8378-copy_resized.jpeg\",\"width\":2560,\"height\":2560},{\"@type\":\"BreadcrumbList\",\"@id\":\"https:\/\/luciennelaparisienne.fr\/produit\/trench-coat-montaigne\/#breadcrumb\",\"itemListElement\":[{\"@type\":\"ListItem\",\"position\":1,\"name\":\"Accueil\",\"item\":\"https:\/\/luciennelaparisienne.fr\/\"},{\"@type\":\"ListItem\",\"position\":2,\"name\":\"Boutique\",\"item\":\"https:\/\/luciennelaparisienne.fr\/shop\/\"},{\"@type\":\"ListItem\",\"position\":3,\"name\":\"Trench-coat Montaigne\"}]},{\"@type\":\"WebSite\",\"@id\":\"https:\/\/luciennelaparisienne.fr\/#website\",\"url\":\"https:\/\/luciennelaparisienne.fr\/\",\"name\":\"Lucienne la Parisienne\",\"description\":\"Produits pour Teckels\",\"potentialAction\":[{\"@type\":\"SearchAction\",\"target\":{\"@type\":\"EntryPoint\",\"urlTemplate\":\"https:\/\/luciennelaparisienne.fr\/?s={search_term_string}\"},\"query-input\":{\"@type\":\"PropertyValueSpecification\",\"valueRequired\":true,\"valueName\":\"search_term_string\"}}],\"inLanguage\":\"it-IT\"}]}<\/script>\n<!-- \/ Yoast SEO plugin. -->","yoast_head_json":{"title":"Imperm\u00e9able pour Chien, Teckel | Lucienne la Parisienne","description":"Magnifiques v\u00eatements & accessoires pour prendre soin de son chien. Produits con\u00e7us pour les teckels 100% artisanaux et fabriqu\u00e9s en France.","robots":{"index":"index","follow":"follow","max-snippet":"max-snippet:-1","max-image-preview":"max-image-preview:large","max-video-preview":"max-video-preview:-1"},"canonical":"https:\/\/luciennelaparisienne.fr\/it\/prodotto\/trench-coat-montaigne\/","og_locale":"it_IT","og_type":"article","og_title":"Imperm\u00e9able pour Chien, Teckel | Lucienne la Parisienne","og_description":"Magnifiques v\u00eatements & accessoires pour prendre soin de son chien. Produits con\u00e7us pour les teckels 100% artisanaux et fabriqu\u00e9s en France.","og_url":"https:\/\/luciennelaparisienne.fr\/it\/prodotto\/trench-coat-montaigne\/","og_site_name":"Lucienne la Parisienne","article_modified_time":"2026-08-30T17:31:50+00:00","og_image":[{"width":2560,"height":2560,"url":"https:\/\/luciennelaparisienne.fr\/wp-content\/uploads\/2025\/11\/9Q8A8378-copy_resized.jpeg","type":"image\/jpeg"}],"twitter_card":"summary_large_image","twitter_misc":{"Tempo di lettura stimato":"2 minuti"},"schema":{"@context":"https:\/\/schema.org","@graph":[{"@type":"WebPage","@id":"https:\/\/luciennelaparisienne.fr\/produit\/trench-coat-montaigne\/","url":"https:\/\/luciennelaparisienne.fr\/produit\/trench-coat-montaigne\/","name":"Imperm\u00e9able pour Chien, Teckel | Lucienne la Parisienne","isPartOf":{"@id":"https:\/\/luciennelaparisienne.fr\/#website"},"primaryImageOfPage":{"@id":"https:\/\/luciennelaparisienne.fr\/produit\/trench-coat-montaigne\/#primaryimage"},"image":{"@id":"https:\/\/luciennelaparisienne.fr\/produit\/trench-coat-montaigne\/#primaryimage"},"thumbnailUrl":"https:\/\/luciennelaparisienne.fr\/wp-content\/uploads\/2025\/11\/9Q8A8378-copy_resized.jpeg","datePublished":"2025-11-14T16:21:36+00:00","dateModified":"2026-08-30T17:31:50+00:00","description":"Magnifiques v\u00eatements & accessoires pour prendre soin de son chien. Produits con\u00e7us pour les teckels 100% artisanaux et fabriqu\u00e9s en France.","breadcrumb":{"@id":"https:\/\/luciennelaparisienne.fr\/produit\/trench-coat-montaigne\/#breadcrumb"},"inLanguage":"it-IT","potentialAction":[{"@type":"ReadAction","target":["https:\/\/luciennelaparisienne.fr\/produit\/trench-coat-montaigne\/"]}]},{"@type":"ImageObject","inLanguage":"it-IT","@id":"https:\/\/luciennelaparisienne.fr\/produit\/trench-coat-montaigne\/#primaryimage","url":"https:\/\/luciennelaparisienne.fr\/wp-content\/uploads\/2025\/11\/9Q8A8378-copy_resized.jpeg","contentUrl":"https:\/\/luciennelaparisienne.fr\/wp-content\/uploads\/2025\/11\/9Q8A8378-copy_resized.jpeg","width":2560,"height":2560},{"@type":"BreadcrumbList","@id":"https:\/\/luciennelaparisienne.fr\/produit\/trench-coat-montaigne\/#breadcrumb","itemListElement":[{"@type":"ListItem","position":1,"name":"Accueil","item":"https:\/\/luciennelaparisienne.fr\/"},{"@type":"ListItem","position":2,"name":"Boutique","item":"https:\/\/luciennelaparisienne.fr\/shop\/"},{"@type":"ListItem","position":3,"name":"Trench-coat Montaigne"}]},{"@type":"WebSite","@id":"https:\/\/luciennelaparisienne.fr\/#website","url":"https:\/\/luciennelaparisienne.fr\/","name":"Lucienne la Parisienne","description":"Produits pour Teckels","potentialAction":[{"@type":"SearchAction","target":{"@type":"EntryPoint","urlTemplate":"https:\/\/luciennelaparisienne.fr\/?s={search_term_string}"},"query-input":{"@type":"PropertyValueSpecification","valueRequired":true,"valueName":"search_term_string"}}],"inLanguage":"it-IT"}]}},"_links":{"self":[{"href":"https:\/\/luciennelaparisienne.fr\/it\/wp-json\/wp\/v2\/product\/15321","targetHints":{"allow":["GET"]}}],"collection":[{"href":"https:\/\/luciennelaparisienne.fr\/it\/wp-json\/wp\/v2\/product"}],"about":[{"href":"https:\/\/luciennelaparisienne.fr\/it\/wp-json\/wp\/v2\/types\/product"}],"replies":[{"embeddable":true,"href":"https:\/\/luciennelaparisienne.fr\/it\/wp-json\/wp\/v2\/comments?post=15321"}],"wp:featuredmedia":[{"embeddable":true,"href":"https:\/\/luciennelaparisienne.fr\/it\/wp-json\/wp\/v2\/media\/15820"}],"wp:attachment":[{"href":"https:\/\/luciennelaparisienne.fr\/it\/wp-json\/wp\/v2\/media?parent=15321"}],"wp:term":[{"taxonomy":"product_brand","embeddable":true,"href":"https:\/\/luciennelaparisienne.fr\/it\/wp-json\/wp\/v2\/product_brand?post=15321"},{"taxonomy":"product_cat","embeddable":true,"href":"https:\/\/luciennelaparisienne.fr\/it\/wp-json\/wp\/v2\/product_cat?post=15321"},{"taxonomy":"product_tag","embeddable":true,"href":"https:\/\/luciennelaparisienne.fr\/it\/wp-json\/wp\/v2\/product_tag?post=15321"}],"curies":[{"name":"wp","href":"https:\/\/api.w.org\/{rel}","templated":true}]}}