{"id":19336,"date":"2026-09-03T20:08:29","date_gmt":"2026-09-03T18:08:29","guid":{"rendered":"https:\/\/luciennelaparisienne.fr\/?post_type=product&#038;p=19336"},"modified":"2026-09-03T23:10:24","modified_gmt":"2026-09-03T21:10:24","slug":"sac-de-voyage-pour-teckel","status":"publish","type":"product","link":"https:\/\/luciennelaparisienne.fr\/it\/prodotto\/sac-de-voyage-pour-teckel\/","title":{"rendered":"Sac de voyage pour teckel"},"content":{"rendered":"<p><b>Sac de voyage<\/b><br \/>\n<span style=\"font-size: 10pt;\"><span style=\"font-weight: 400;\">NOVIT\u00c0!! <\/span><\/span><span style=\"font-weight: 400; font-size: 10pt;\">Notre sac de voyage iconique \u00e9volue pour vous accompagner encore plus facilement au quotidien et en voyage. <\/span><span style=\"font-weight: 400; font-size: 10pt;\">Cette nouvelle version int\u00e8gre d\u00e9sormais un syst\u00e8me de fixation pour valise, id\u00e9al pour les d\u00e9placements en train et lors de vos week-ends, ainsi que de nouvelles anses courtes \u00e9l\u00e9gantes qui permettent de porter le sac comme un v\u00e9ritable sac \u00e0 main.<\/span><br \/>\n<span style=\"font-weight: 400; font-size: 10pt;\">Le sac de voyage devient vite indispensable si vous aimez emmener votre teckel avec vous, que ce soit en ville, en voyage ou lors de vos sorties. Parce que nous savons que les teckels aiment \u00eatre partout avec leurs ma\u00eetres, nous avons con\u00e7u un sac qui allie confort, praticit\u00e9 et \u00e9l\u00e9gance, aussi bien pour votre compagnon que pour vous.\u00a0<\/span><\/p>\n<p><strong>Caratteristiche<\/strong><strong>\u202f:<\/strong><br \/>\n<span style=\"font-size: 10pt;\"><span style=\"font-weight: 400;\">Le sac est dot\u00e9 d\u2019une housse r<\/span><\/span><span style=\"font-weight: 400; font-size: 10pt;\">\u00e9versible qui peut \u00eatre utilis\u00e9e de deux cot\u00e9s : c\u00f4t\u00e9 fausse fourrure ou c\u00f4t\u00e9 daim. <span style=\"font-size: 10pt;\"><span style=\"font-weight: 400;\">Questo materiale altamente resistente \u00e8 ideale per l'uso quotidiano. <\/span><\/span>La housse est \u00e9galement amovible et peut \u00eatre remplac\u00e9e selon la saison par une version \u00e9t\u00e9 ou une housse hiver en fourrure synth\u00e9tique de tr\u00e8s haute qualit\u00e9. <\/span><span style=\"font-weight: 400; font-size: 10pt;\">Le maniglie larghe e piatte garantiscono un comodo trasporto a spalla.<\/span><br \/>\n<span style=\"font-weight: 400; font-size: 10pt;\">La borsa comprende inoltre:<\/span><\/p>\n<ul>\n<li style=\"font-weight: 400;\" aria-level=\"1\"><span style=\"font-weight: 400; font-size: 10pt;\">una grande tasca con cerniera per i tuoi oggetti indispensabili<\/span><\/li>\n<li style=\"font-weight: 400;\" aria-level=\"1\"><span style=\"font-weight: 400; font-size: 10pt;\">una tracolla in nylon per una maggiore praticit\u00e0<\/span><\/li>\n<li style=\"font-weight: 400;\" aria-level=\"1\"><span style=\"font-weight: 400; font-size: 10pt;\">una chiusura con cerniera sicura<\/span><\/li>\n<li style=\"font-weight: 400;\" aria-level=\"1\"><span style=\"font-weight: 400; font-size: 10pt;\">una cinghia interna per legare il vostro cane in tutta sicurezza<\/span><\/li>\n<li style=\"font-weight: 400;\" aria-level=\"1\"><span style=\"font-weight: 400; font-size: 10pt;\">una piccola borsa rotonda, ideale per i dolcetti o i sacchetti per i bisogni dei cani<\/span><\/li>\n<li aria-level=\"1\"><span style=\"font-size: 10pt;\">housse r\u00e9versible<\/span><\/li>\n<\/ul>\n<p><span style=\"font-size: 10pt;\">Couleur: Kaki, Noire\u00a0<\/span><br \/>\n<span style=\"font-size: 10pt;\">Tessuto: poliestere impermeabile<\/span><br \/>\n<span style=\"font-size: 10pt;\">Housse r\u00e9versible en fausse fourrure.\u00a0Il est possible d&rsquo;acheter la housse version \u00e9t\u00e9 en coton ou version hiver en fourrure pour chaque taille.<\/span><\/p>\n<p><strong>Manutenzione<\/strong><strong>\u202f:<\/strong> <span style=\"font-weight: 400; font-size: 10pt;\">Tutte le nostre fodere sono lavabili in lavatrice, per una manutenzione semplice e pratica. Le fodere estive e invernali sono in vendita separatamente sul nostro sito. <\/span><span style=\"font-size: 10pt;\">Lavaggio a mano o in lavatrice a 30\u00b0C. Centrifuga e asciugatura leggera, non lavare a secco, non usare candeggina. Non stirare!<\/span><\/p>\n<p><strong>Taglie disponibili<\/strong>:<\/p>\n<p>T1 : 50 cm longueur du sac, 45cm longueur du fond\u00a0 (kaninchens et nains jusqu\u2019au 6kg)<br \/>\nT2 : 55 cm longueur du sac, 50 cm longueur du fond (petit standards 8 kg ou deux kaninchens)<br \/>\nT3 : 57 cm longueur du sac, 55 cm longueur du fond (standards 9kg+ ou\u00a0 deux nains)<\/p>\n<p><em>\u00c8 possibile ordinare su misura, grazie di\u00a0<a href=\"https:\/\/luciennelaparisienne.fr\/contactez-nous\/\"><strong>contattarci tramite la sezione contatti<\/strong><\/a><\/em><\/p>","protected":false},"excerpt":{"rendered":"<p>Sac de voyage NOUVEAUT\u00c9 !! Notre sac de voyage iconique \u00e9volue pour vous accompagner encore plus facilement au quotidien et en voyage. Cette nouvelle version int\u00e8gre d\u00e9sormais un syst\u00e8me de fixation pour valise, id\u00e9al pour les d\u00e9placements en train et lors de vos week-ends, ainsi que de nouvelles anses courtes [&hellip;]<\/p>","protected":false},"featured_media":17965,"comment_status":"open","ping_status":"closed","template":"","meta":{"inline_featured_image":false},"product_brand":[],"product_cat":[70,155],"product_tag":[],"class_list":["post-19336","product","type-product","status-publish","has-post-thumbnail","product_cat-pour-nos-teckels","product_cat-sacs","first","instock","featured","taxable","shipping-taxable","purchasable","product-type-variable"],"yoast_head":"<!-- This site is optimized with the Yoast SEO plugin v26.6 - https:\/\/yoast.com\/wordpress\/plugins\/seo\/ -->\n<title>Sac de voyage pour teckel - Lucienne la Parisienne<\/title>\n<meta name=\"robots\" content=\"index, follow, max-snippet:-1, max-image-preview:large, max-video-preview:-1\" \/>\n<link rel=\"canonical\" href=\"https:\/\/luciennelaparisienne.fr\/it\/prodotto\/sac-de-voyage-pour-teckel\/\" \/>\n<meta property=\"og:locale\" content=\"it_IT\" \/>\n<meta property=\"og:type\" content=\"article\" \/>\n<meta property=\"og:title\" content=\"Sac de voyage pour teckel - Lucienne la Parisienne\" \/>\n<meta property=\"og:description\" content=\"Sac de voyage NOUVEAUT\u00c9 !! Notre sac de voyage iconique \u00e9volue pour vous accompagner encore plus facilement au quotidien et en voyage. Cette nouvelle version int\u00e8gre d\u00e9sormais un syst\u00e8me de fixation pour valise, id\u00e9al pour les d\u00e9placements en train et lors de vos week-ends, ainsi que de nouvelles anses courtes [&hellip;]\" \/>\n<meta property=\"og:url\" content=\"https:\/\/luciennelaparisienne.fr\/it\/prodotto\/sac-de-voyage-pour-teckel\/\" \/>\n<meta property=\"og:site_name\" content=\"Lucienne la Parisienne\" \/>\n<meta property=\"article:modified_time\" content=\"2026-09-03T21:10:24+00:00\" \/>\n<meta property=\"og:image\" content=\"https:\/\/luciennelaparisienne.fr\/wp-content\/uploads\/2026\/06\/Emiliya-Sultan-66052026-1.jpg\" \/>\n\t<meta property=\"og:image:width\" content=\"1000\" \/>\n\t<meta property=\"og:image:height\" content=\"1000\" \/>\n\t<meta property=\"og:image:type\" content=\"image\/jpeg\" \/>\n<meta name=\"twitter:card\" content=\"summary_large_image\" \/>\n<meta name=\"twitter:label1\" content=\"Tempo di lettura stimato\" \/>\n\t<meta name=\"twitter:data1\" content=\"3 minuti\" \/>\n<script type=\"application\/ld+json\" class=\"yoast-schema-graph\">{\"@context\":\"https:\/\/schema.org\",\"@graph\":[{\"@type\":\"WebPage\",\"@id\":\"https:\/\/luciennelaparisienne.fr\/produit\/sac-de-voyage-pour-teckel\/\",\"url\":\"https:\/\/luciennelaparisienne.fr\/produit\/sac-de-voyage-pour-teckel\/\",\"name\":\"Sac de voyage pour teckel - Lucienne la Parisienne\",\"isPartOf\":{\"@id\":\"https:\/\/luciennelaparisienne.fr\/#website\"},\"primaryImageOfPage\":{\"@id\":\"https:\/\/luciennelaparisienne.fr\/produit\/sac-de-voyage-pour-teckel\/#primaryimage\"},\"image\":{\"@id\":\"https:\/\/luciennelaparisienne.fr\/produit\/sac-de-voyage-pour-teckel\/#primaryimage\"},\"thumbnailUrl\":\"https:\/\/luciennelaparisienne.fr\/wp-content\/uploads\/2026\/06\/Emiliya-Sultan-66052026-1.jpg\",\"datePublished\":\"2026-09-03T18:08:29+00:00\",\"dateModified\":\"2026-09-03T21:10:24+00:00\",\"breadcrumb\":{\"@id\":\"https:\/\/luciennelaparisienne.fr\/produit\/sac-de-voyage-pour-teckel\/#breadcrumb\"},\"inLanguage\":\"it-IT\",\"potentialAction\":[{\"@type\":\"ReadAction\",\"target\":[\"https:\/\/luciennelaparisienne.fr\/produit\/sac-de-voyage-pour-teckel\/\"]}]},{\"@type\":\"ImageObject\",\"inLanguage\":\"it-IT\",\"@id\":\"https:\/\/luciennelaparisienne.fr\/produit\/sac-de-voyage-pour-teckel\/#primaryimage\",\"url\":\"https:\/\/luciennelaparisienne.fr\/wp-content\/uploads\/2026\/06\/Emiliya-Sultan-66052026-1.jpg\",\"contentUrl\":\"https:\/\/luciennelaparisienne.fr\/wp-content\/uploads\/2026\/06\/Emiliya-Sultan-66052026-1.jpg\",\"width\":1000,\"height\":1000},{\"@type\":\"BreadcrumbList\",\"@id\":\"https:\/\/luciennelaparisienne.fr\/produit\/sac-de-voyage-pour-teckel\/#breadcrumb\",\"itemListElement\":[{\"@type\":\"ListItem\",\"position\":1,\"name\":\"Accueil\",\"item\":\"https:\/\/luciennelaparisienne.fr\/\"},{\"@type\":\"ListItem\",\"position\":2,\"name\":\"Boutique\",\"item\":\"https:\/\/luciennelaparisienne.fr\/shop\/\"},{\"@type\":\"ListItem\",\"position\":3,\"name\":\"Sac de voyage pour teckel\"}]},{\"@type\":\"WebSite\",\"@id\":\"https:\/\/luciennelaparisienne.fr\/#website\",\"url\":\"https:\/\/luciennelaparisienne.fr\/\",\"name\":\"Lucienne la Parisienne\",\"description\":\"Produits pour Teckels\",\"potentialAction\":[{\"@type\":\"SearchAction\",\"target\":{\"@type\":\"EntryPoint\",\"urlTemplate\":\"https:\/\/luciennelaparisienne.fr\/?s={search_term_string}\"},\"query-input\":{\"@type\":\"PropertyValueSpecification\",\"valueRequired\":true,\"valueName\":\"search_term_string\"}}],\"inLanguage\":\"it-IT\"}]}<\/script>\n<!-- \/ Yoast SEO plugin. -->","yoast_head_json":{"title":"Sac de voyage pour teckel - Lucienne la Parisienne","robots":{"index":"index","follow":"follow","max-snippet":"max-snippet:-1","max-image-preview":"max-image-preview:large","max-video-preview":"max-video-preview:-1"},"canonical":"https:\/\/luciennelaparisienne.fr\/it\/prodotto\/sac-de-voyage-pour-teckel\/","og_locale":"it_IT","og_type":"article","og_title":"Sac de voyage pour teckel - Lucienne la Parisienne","og_description":"Sac de voyage NOUVEAUT\u00c9 !! Notre sac de voyage iconique \u00e9volue pour vous accompagner encore plus facilement au quotidien et en voyage. Cette nouvelle version int\u00e8gre d\u00e9sormais un syst\u00e8me de fixation pour valise, id\u00e9al pour les d\u00e9placements en train et lors de vos week-ends, ainsi que de nouvelles anses courtes [&hellip;]","og_url":"https:\/\/luciennelaparisienne.fr\/it\/prodotto\/sac-de-voyage-pour-teckel\/","og_site_name":"Lucienne la Parisienne","article_modified_time":"2026-09-03T21:10:24+00:00","og_image":[{"width":1000,"height":1000,"url":"https:\/\/luciennelaparisienne.fr\/wp-content\/uploads\/2026\/06\/Emiliya-Sultan-66052026-1.jpg","type":"image\/jpeg"}],"twitter_card":"summary_large_image","twitter_misc":{"Tempo di lettura stimato":"3 minuti"},"schema":{"@context":"https:\/\/schema.org","@graph":[{"@type":"WebPage","@id":"https:\/\/luciennelaparisienne.fr\/produit\/sac-de-voyage-pour-teckel\/","url":"https:\/\/luciennelaparisienne.fr\/produit\/sac-de-voyage-pour-teckel\/","name":"Sac de voyage pour teckel - Lucienne la Parisienne","isPartOf":{"@id":"https:\/\/luciennelaparisienne.fr\/#website"},"primaryImageOfPage":{"@id":"https:\/\/luciennelaparisienne.fr\/produit\/sac-de-voyage-pour-teckel\/#primaryimage"},"image":{"@id":"https:\/\/luciennelaparisienne.fr\/produit\/sac-de-voyage-pour-teckel\/#primaryimage"},"thumbnailUrl":"https:\/\/luciennelaparisienne.fr\/wp-content\/uploads\/2026\/06\/Emiliya-Sultan-66052026-1.jpg","datePublished":"2026-09-03T18:08:29+00:00","dateModified":"2026-09-03T21:10:24+00:00","breadcrumb":{"@id":"https:\/\/luciennelaparisienne.fr\/produit\/sac-de-voyage-pour-teckel\/#breadcrumb"},"inLanguage":"it-IT","potentialAction":[{"@type":"ReadAction","target":["https:\/\/luciennelaparisienne.fr\/produit\/sac-de-voyage-pour-teckel\/"]}]},{"@type":"ImageObject","inLanguage":"it-IT","@id":"https:\/\/luciennelaparisienne.fr\/produit\/sac-de-voyage-pour-teckel\/#primaryimage","url":"https:\/\/luciennelaparisienne.fr\/wp-content\/uploads\/2026\/06\/Emiliya-Sultan-66052026-1.jpg","contentUrl":"https:\/\/luciennelaparisienne.fr\/wp-content\/uploads\/2026\/06\/Emiliya-Sultan-66052026-1.jpg","width":1000,"height":1000},{"@type":"BreadcrumbList","@id":"https:\/\/luciennelaparisienne.fr\/produit\/sac-de-voyage-pour-teckel\/#breadcrumb","itemListElement":[{"@type":"ListItem","position":1,"name":"Accueil","item":"https:\/\/luciennelaparisienne.fr\/"},{"@type":"ListItem","position":2,"name":"Boutique","item":"https:\/\/luciennelaparisienne.fr\/shop\/"},{"@type":"ListItem","position":3,"name":"Sac de voyage pour teckel"}]},{"@type":"WebSite","@id":"https:\/\/luciennelaparisienne.fr\/#website","url":"https:\/\/luciennelaparisienne.fr\/","name":"Lucienne la Parisienne","description":"Produits pour Teckels","potentialAction":[{"@type":"SearchAction","target":{"@type":"EntryPoint","urlTemplate":"https:\/\/luciennelaparisienne.fr\/?s={search_term_string}"},"query-input":{"@type":"PropertyValueSpecification","valueRequired":true,"valueName":"search_term_string"}}],"inLanguage":"it-IT"}]}},"_links":{"self":[{"href":"https:\/\/luciennelaparisienne.fr\/it\/wp-json\/wp\/v2\/product\/19336","targetHints":{"allow":["GET"]}}],"collection":[{"href":"https:\/\/luciennelaparisienne.fr\/it\/wp-json\/wp\/v2\/product"}],"about":[{"href":"https:\/\/luciennelaparisienne.fr\/it\/wp-json\/wp\/v2\/types\/product"}],"replies":[{"embeddable":true,"href":"https:\/\/luciennelaparisienne.fr\/it\/wp-json\/wp\/v2\/comments?post=19336"}],"wp:featuredmedia":[{"embeddable":true,"href":"https:\/\/luciennelaparisienne.fr\/it\/wp-json\/wp\/v2\/media\/17965"}],"wp:attachment":[{"href":"https:\/\/luciennelaparisienne.fr\/it\/wp-json\/wp\/v2\/media?parent=19336"}],"wp:term":[{"taxonomy":"product_brand","embeddable":true,"href":"https:\/\/luciennelaparisienne.fr\/it\/wp-json\/wp\/v2\/product_brand?post=19336"},{"taxonomy":"product_cat","embeddable":true,"href":"https:\/\/luciennelaparisienne.fr\/it\/wp-json\/wp\/v2\/product_cat?post=19336"},{"taxonomy":"product_tag","embeddable":true,"href":"https:\/\/luciennelaparisienne.fr\/it\/wp-json\/wp\/v2\/product_tag?post=19336"}],"curies":[{"name":"wp","href":"https:\/\/api.w.org\/{rel}","templated":true}]}}